{"id":290,"date":"2023-01-19T21:25:14","date_gmt":"2023-01-19T20:25:14","guid":{"rendered":"https:\/\/gechter.org\/blog\/?page_id=290"},"modified":"2023-08-22T09:45:49","modified_gmt":"2023-08-22T07:45:49","slug":"publications","status":"publish","type":"page","link":"https:\/\/gechter.org\/blog\/?page_id=290","title":{"rendered":"Publications"},"content":{"rendered":"\n<h2 class=\"wp-block-heading\">Romans<\/h2>\n\n\n\n<h4 class=\"wp-block-heading\">REQUIEM EN CATASTROPHE MAJEURE (2022)<\/h4>\n\n\n\n<div class=\"wp-block-media-text alignwide is-stacked-on-mobile has-nv-light-bg-background-color has-background\" style=\"grid-template-columns:28% auto\"><figure class=\"wp-block-media-text__media\"><img data-recalc-dims=\"1\" decoding=\"async\" src=\"https:\/\/i0.wp.com\/www.gechter.org\/blog\/wp-content\/uploads\/2022\/08\/Requiem-en-catastrophe-majeure-738x1024-2.jpg?w=1200\" alt=\"\" class=\"wp-image-154 size-full\"\/><\/figure><div class=\"wp-block-media-text__content\">\n<p>Dans ce deuxi\u00e8me volume de ses aventures, Evariste Cosson, le consultant en exorcisme industrielle, va devoir d\u00e9m\u00ealer les myst\u00e8res autour de la mort de Jimi Hendrix, voler un ordinateur des ann\u00e9es 90 dans les sous sols de la fac de Jussieu et d\u00e9barrasser l&rsquo;Op\u00e9ra Bastille d&rsquo;un encombrant fant\u00f4me de l&rsquo;op\u00e9ra.<br>Et bien s\u00fbr, les courses poursuites \u00e9perdues dans des camions \u00e0 pizza ne manqueront pas&nbsp;!<\/p>\n\n\n\n<p>Broch\u00e9, ed. Mn\u00e9mos, 20\u20ac. (disponible aussi en epub)<\/p>\n\n\n\n<p class=\"has-text-align-right has-small-font-size\"><em><a href=\"https:\/\/mnemos.com\/livre\/requiem-en-catastrophe-majeure\/\">Le commander chez l&rsquo;\u00e9diteur<\/a><br><a href=\"https:\/\/www.fnac.com\/a16800011\/Olivier-Gechter-Requiem-en-catastrophe-majeure\">Le commander \u00e0 la FNAC<\/a><br><a href=\"https:\/\/www.cultura.com\/p-requiem-en-catastrophe-majeure-9782354089740.html\">Le commander chez Cultura<\/a><\/em><\/p>\n<\/div><\/div>\n\n\n\n<p class=\"has-text-align-right\"><em>En savoir plus&#8230;.<\/em><\/p>\n\n\n\n<h4 class=\"wp-block-heading\">Mission Kitchenette (2018)<\/h4>\n\n\n\n<div class=\"wp-block-media-text alignwide is-stacked-on-mobile has-nv-light-bg-background-color has-background\" style=\"grid-template-columns:33% auto\"><figure class=\"wp-block-media-text__media\"><img data-recalc-dims=\"1\" decoding=\"async\" src=\"https:\/\/i0.wp.com\/www.gechter.org\/blog\/wp-content\/uploads\/2022\/01\/mission_kitchenette-e1642354539314-edited.png?w=1200\" alt=\"\" class=\"wp-image-73 size-full\"\/><\/figure><div class=\"wp-block-media-text__content\">\n<p><\/p>\n<\/div><\/div>\n\n\n\n<p class=\"has-text-align-right\"><em>En savoir plus&#8230;<\/em><\/p>\n\n\n\n<h4 class=\"wp-block-heading\">LE BARON NOIR &#8211; 1864 (2017)<\/h4>\n\n\n\n<div class=\"wp-block-media-text alignwide is-stacked-on-mobile has-nv-light-bg-background-color has-background\" style=\"grid-template-columns:31% auto\"><figure class=\"wp-block-media-text__media\"><img data-recalc-dims=\"1\" loading=\"lazy\" decoding=\"async\" width=\"600\" height=\"905\" src=\"https:\/\/i0.wp.com\/gechter.org\/blog\/wp-content\/uploads\/2023\/02\/C1-Baron-noir-679x1024-1-600x905-1.jpg?resize=600%2C905&#038;ssl=1\" alt=\"\" class=\"wp-image-452 size-full\" srcset=\"https:\/\/i0.wp.com\/gechter.org\/blog\/wp-content\/uploads\/2023\/02\/C1-Baron-noir-679x1024-1-600x905-1.jpg?w=600&amp;ssl=1 600w, https:\/\/i0.wp.com\/gechter.org\/blog\/wp-content\/uploads\/2023\/02\/C1-Baron-noir-679x1024-1-600x905-1.jpg?resize=199%2C300&amp;ssl=1 199w\" sizes=\"auto, (max-width: 600px) 100vw, 600px\" \/><\/figure><div class=\"wp-block-media-text__content\">\n<p><\/p>\n<\/div><\/div>\n\n\n\n<p class=\"has-text-align-right\"><em>En savoir plus&#8230;<\/em><\/p>\n\n\n\n<h4 class=\"wp-block-heading\">EVARISTE (2015)<\/h4>\n\n\n\n<div class=\"wp-block-query is-layout-flow wp-block-query-is-layout-flow\"><\/div>\n\n\n\n<div class=\"wp-block-media-text alignwide is-stacked-on-mobile has-nv-light-bg-background-color has-background\" style=\"grid-template-columns:15% auto\"><figure class=\"wp-block-media-text__media\"><img data-recalc-dims=\"1\" loading=\"lazy\" decoding=\"async\" width=\"306\" height=\"500\" src=\"https:\/\/i0.wp.com\/gechter.org\/blog\/wp-content\/uploads\/2023\/02\/Evariste.webp?resize=306%2C500&#038;ssl=1\" alt=\"\" class=\"wp-image-455 size-thumbnail\" srcset=\"https:\/\/i0.wp.com\/gechter.org\/blog\/wp-content\/uploads\/2023\/02\/Evariste.webp?w=306&amp;ssl=1 306w, https:\/\/i0.wp.com\/gechter.org\/blog\/wp-content\/uploads\/2023\/02\/Evariste.webp?resize=184%2C300&amp;ssl=1 184w\" sizes=\"auto, (max-width: 306px) 100vw, 306px\" \/><\/figure><div class=\"wp-block-media-text__content\">\n<p>La D\u00e9fense, ses tours verre-acier-b\u00e9ton riantes et son centre commercial pimpant, le jeune \u00c9variste Cosson vient d\u2019y installer le projet de sa vie : un cabinet d\u2019ing\u00e9nierie en occultisme industriel et commercial. Quelle \u00e9trange id\u00e9e ! Il est certain que \u00e7a va fonctionner. La preuve, il n\u2019y a personne sur ce cr\u00e9neau&#8230; un roman d&rsquo;aventure bourr\u00e9 de magie, d&rsquo;humour et de probl\u00e8mes administratifs.<\/p>\n\n\n\n<p>ed. Mnemos, coll. H\u00e9lios. 10,90\u20ac<\/p>\n<\/div><\/div>\n\n\n\n<p class=\"has-text-align-right\"><em><a href=\"https:\/\/gechter.org\/blog\/wp-admin\/post.php?post=363&amp;action=edit\">En savoir plus..<\/a>.<\/em><\/p>\n\n\n\n<hr class=\"wp-block-separator has-alpha-channel-opacity\"\/>\n\n\n\n<h2 class=\"wp-block-heading\">Nouvelles<\/h2>\n\n\n\n<p><\/p>\n\n\n\n<ul class=\"wp-block-list\">\n<li><em>J\u2019veux un dragon<\/em>&nbsp;dans Chim\u00e8res, 15 r\u00e9cits d\u2019animaux fabuleux,&nbsp;<a href=\"https:\/\/fr.wikipedia.org\/wiki\/%C3%89ditions_de_l%27Oxymore\">\u00e9ditions de l&rsquo;Oxymore<\/a>, coll. Embl\u00e8mythiques, 2003&nbsp;; dans F\u00e9es dans la Ville, \u00e9ditions Les Trois Souhaits, 2009.<\/li>\n\n\n\n<li><em>La mousse<\/em>&nbsp;dans Marmite &amp; Micro-onde n\u00b0 8, 2003&nbsp;; dans&nbsp;<em><a href=\"https:\/\/fr.wikipedia.org\/wiki\/Lanfeust_Mag\">Lanfeust Mag<\/a><\/em>&nbsp;n\u00b0131,&nbsp;mai 2010.<\/li>\n\n\n\n<li><em>Le prix \u00e0 payer<\/em>&nbsp;dans La mort, ses \u0153uvres, \u00e9ditions de l&rsquo;Oxymore, coll. Embl\u00e8mes n\u00b0 HS 1, 2003.<\/li>\n\n\n\n<li><em>La Grande Marche<\/em>&nbsp;dans Luna Fatalis n\u00b06, 2003<\/li>\n\n\n\n<li><em>Les chiens de Jean-Pierre<\/em>&nbsp;dans Marmite &amp; Micro-onde n\u00b0 9, 2003&nbsp;; dans Marmite &amp; Micro-onde HS n\u00b02, 2008.<\/li>\n\n\n\n<li><em>Mot de passe incorrect<\/em>&nbsp;dans Mati\u00e8re grise, \u00e9ditions PAWEdit, 2004.<\/li>\n\n\n\n<li><em>Nous n\u2019\u00e9crirons plus<\/em>&nbsp;(co\u00e9criture avec Nico Bally) dans Luna Fatalis n\u00b0 9, 2004.<\/li>\n\n\n\n<li><em>Un beau ciel bleu<\/em>&nbsp;dans Horrifique n\u00b041, 2004 (<a href=\"https:\/\/fr.wikipedia.org\/wiki\/Canada\">Canada<\/a>), dans G\u00e9ante Rouge n\u00b011, 2008.<\/li>\n\n\n\n<li><em>Magie<\/em>&nbsp;(co\u00e9criture avec Nico Bally) dans Marmite et micro-onde n\u00b011, 2004.<\/li>\n\n\n\n<li><em>Cinqui\u00e8me \u00e9tage, porte gauche<\/em>&nbsp;dans Les portes, \u00e9ditions de l&rsquo;Oxymore, coll. Embl\u00e8mes n\u00b0 14, 2004.<\/li>\n\n\n\n<li><em>Une b\u00eate fauve<\/em>&nbsp;; dans \u00c9clats de R\u00eaves n\u00b0 5, 2005.<\/li>\n\n\n\n<li><em>Le go\u00fbt de l\u2019ambroisie<\/em>&nbsp;; dans Marmite &amp; Micro-onde n\u00b0 15, 2006.<\/li>\n\n\n\n<li><em>Le destin des puissances<\/em>&nbsp;(in\u00e9dit en France); traduction espagnole par Firmin Moreno (El destino de los dioses); dans Sable n\u00b05, 2006.<\/li>\n\n\n\n<li><em>La boucle de Zurvan<\/em>&nbsp;; dans AOC n\u00b09,&nbsp;<a href=\"https:\/\/fr.wikipedia.org\/wiki\/Club_pr%C3%A9sences_d%27esprits\">\u00e9ditions Club Pr\u00e9sence d\u2019Esprit<\/a>, 2008.<\/li>\n\n\n\n<li><em>Les voies du c\u0153ur passent par l\u2019estomac<\/em>&nbsp;; dans Marmite et micro-onde n\u00b021, 2008.<\/li>\n\n\n\n<li><em>Le Scintillement des Saisons<\/em>&nbsp;; dans Anthologie Solstice volume 2, Crime en imaginaire, \u00e9ditions Mille Saisons, 2008.<\/li>\n\n\n\n<li><em>L\u2019Envoy\u00e9<\/em>&nbsp;; dans&nbsp;<em>Lanfeust Mag<\/em>&nbsp;n\u00b0119,&nbsp;<a href=\"https:\/\/fr.wikipedia.org\/wiki\/%C3%89ditions_Soleil\">\u00e9ditions Soleil<\/a>,&nbsp;avril 2009.<\/li>\n\n\n\n<li><em>Le Ferrovipathe<\/em>&nbsp;; dans AOC n\u00b013,&nbsp;octobre 2009&nbsp;; Prix de la Ville de Bagneux 2010, Festival Zone Franche.<\/li>\n\n\n\n<li><em>Le pouvoir absolu n\u2019est plus ce qu\u2019il \u00e9tait<\/em>&nbsp;; dans \u00e9ditions Club Pr\u00e9sence d\u2019Esprit n\u00b061,&nbsp;d\u00e9cembre 2009&nbsp;; Lanfeust Magazine n\u00b0221,&nbsp;<a href=\"https:\/\/fr.wikipedia.org\/wiki\/%C3%89ditions_Soleil\">\u00e9ditions Soleil<\/a>,&nbsp;juillet 2018.<\/li>\n\n\n\n<li><em>Amice Mi<\/em>&nbsp;; dans Flammagories,&nbsp;<a href=\"https:\/\/fr.wikipedia.org\/wiki\/Argemmios\">\u00e9ditions Argemmios<\/a>,&nbsp;janvier 2010.<\/li>\n\n\n\n<li><em>Cycles de Vie<\/em>&nbsp;(nouvelle collective)&nbsp;; dans G\u00e9ante Rouge n\u00b016\/17 sp\u00e9cial PUAT n\u00b03,&nbsp;janvier 2010.<\/li>\n\n\n\n<li><em>Le La naturel<\/em>&nbsp;; dans \u00c9clats de R\u00eaves n\u00b018,&nbsp;avril 2010.<\/li>\n\n\n\n<li><em>Pilotage automatique<\/em>&nbsp;; dans Borderline n\u00b017,&nbsp;octobre 2010.<\/li>\n\n\n\n<li><em>Le Jugement<\/em>&nbsp;; dans anthologie Arcane,&nbsp;<a href=\"https:\/\/fr.wikipedia.org\/wiki\/%C3%89ditions_Voy%27el\">\u00e9ditions Voy&rsquo;el<\/a>,&nbsp;novembre 2010.<\/li>\n\n\n\n<li><em>Le Gambit de Hunger<\/em>&nbsp;; dans anthologie Destination Univers,&nbsp;<a href=\"https:\/\/fr.wikipedia.org\/wiki\/Griffe_d%27Encre\">\u00e9ditions Griffe d&rsquo;Encre<\/a>,&nbsp;f\u00e9vrier 2012.<\/li>\n\n\n\n<li><em>La Lettre de Refus<\/em>&nbsp;; dans AOC n\u00b023, \u00e9ditions Pr\u00e9sences d\u2019Esprits,&nbsp;f\u00e9vrier 2012.<\/li>\n\n\n\n<li><em>La Route des P\u00e8lerins<\/em>, dans&nbsp;<em>La Bo\u00eete de Schr\u00f6dinger<\/em>, \u00e9ditions Voy&rsquo;el, 2013.<\/li>\n\n\n\n<li><em>Et la Face du Monde Changea<\/em>&nbsp;; dans&nbsp;<em>La Bo\u00eete de Schr\u00f6dinger<\/em>, \u00e9ditions Voy&rsquo;el, 2013.<\/li>\n\n\n\n<li><em>Un dernier pour la route<\/em>&nbsp;; dans&nbsp;<em>La Bo\u00eete de Schr\u00f6dinger<\/em>, \u00e9ditions Voy&rsquo;el, 2013.<\/li>\n\n\n\n<li><em>Randonn\u00e9e en solitaire<\/em>&nbsp;; dans&nbsp;<em>La Bo\u00eete de Schr\u00f6dinger<\/em>, \u00e9ditions Voy&rsquo;el, 2013.<\/li>\n\n\n\n<li><em>100% pur Cuir<\/em>&nbsp;(avec&nbsp;<a href=\"https:\/\/fr.wikipedia.org\/w\/index.php?title=Sandrine_Scardigli&amp;action=edit&amp;redlink=1\">Sandrine Scardigli<\/a>)&nbsp;; dans G\u00e9ante Rouge n\u00ba21,&nbsp;octobre 2013.<\/li>\n\n\n\n<li><em>La Cure<\/em>&nbsp;; dans anthologie Vampire \u00e0 contre-emploi,&nbsp;<a href=\"https:\/\/fr.wikipedia.org\/wiki\/%C3%89ditions_Mn%C3%A9mos\">\u00e9ditions Mn\u00e9mos<\/a>,&nbsp;janvier 2014.<\/li>\n\n\n\n<li><em>La Famine<\/em>&nbsp;; dans anthologie 42 l&rsquo;appel de la SF, \u00e9ditions Parchemins &amp; Traverses,&nbsp;octobre 2015.<\/li>\n\n\n\n<li><em>Futur en friches<\/em>&nbsp;; dans anthologie Dimension Avenirs Radieux, \u00e9ditions&nbsp;<a href=\"https:\/\/fr.wikipedia.org\/wiki\/Rivi%C3%A8re_Blanche_(%C3%A9diteur)\">Rivi\u00e8re Blanche<\/a>,&nbsp;ao\u00fbt 2016.<\/li>\n\n\n\n<li><em>La Route aux pav\u00e9s rouges<\/em>&nbsp;; dans anthologie Dimension L\u00e9gendes de la Route et routes de l\u00e9gende, \u00e9ditions&nbsp;&nbsp;<a href=\"https:\/\/fr.wikipedia.org\/wiki\/Rivi%C3%A8re_Blanche_(%C3%A9diteur)\">Rivi\u00e8re Blanche<\/a>,&nbsp;janvier 2017.<\/li>\n\n\n\n<li><em>Huit si\u00e8cles sur une \u00e9chelle de temps<\/em>&nbsp;; dans anthologie&nbsp;<a href=\"https:\/\/fr.wikipedia.org\/wiki\/Anthologie_des_Utopiales\">Utopiales<\/a>&nbsp;2017, \u00e9ditions&nbsp;<a href=\"https:\/\/fr.wikipedia.org\/wiki\/ActuSF\">ActuSF<\/a>,&nbsp;octobre 2017. Publi\u00e9 aussi dans la revue num\u00e9rique C\u00e9r\u00e9s n\u00b01, chez le m\u00eame \u00e9diteur.<\/li>\n\n\n\n<li><em>Petite Fleur<\/em>&nbsp;; dans anthologie&nbsp;<a href=\"https:\/\/fr.wikipedia.org\/wiki\/Les_Imaginales\">Imaginales<\/a>&nbsp;2018,&nbsp;<a href=\"https:\/\/fr.wikipedia.org\/wiki\/%C3%89ditions_Mn%C3%A9mos\">\u00e9ditions Mn\u00e9mos<\/a>,&nbsp;mai 2018.<\/li>\n\n\n\n<li><em>L\u2019\u00e2me des autres<\/em>&nbsp;; dans anthologie Dimension \u00e9tranges d\u00e9tectives, \u00e9ditions&nbsp;<a href=\"https:\/\/fr.wikipedia.org\/wiki\/Rivi%C3%A8re_Blanche_(%C3%A9diteur)\">Rivi\u00e8re Blanche<\/a>,&nbsp;mai 2019.<\/li>\n\n\n\n<li><em>La b\u00e9n\u00e9diction de Mama<\/em>&nbsp;; dans&nbsp;<a href=\"https:\/\/fr.wikipedia.org\/wiki\/Anthologie_des_Utopiales#Anthologies_jeunesse\">anthologie jeunesse des Utopiales<\/a>&nbsp;2020, \u00e9ditions&nbsp;<a href=\"https:\/\/fr.wikipedia.org\/wiki\/ActuSF\">ActuSF<\/a>,&nbsp;octobre 2020.<\/li>\n<\/ul>\n\n\n\n<hr class=\"wp-block-separator has-alpha-channel-opacity\"\/>\n\n\n\n<h2 class=\"wp-block-heading\">\u00c9puis\u00e9 !<\/h2>\n\n\n\n<p>Dans cette section, vous trouverez la liste des publications qu&rsquo;on ne trouve plus que dans le circuit de l&rsquo;occasion.<\/p>\n\n\n\n<h4 class=\"wp-block-heading\">Marmite et Microondes (2021)<\/h4>\n\n\n\n<div class=\"wp-block-media-text alignwide is-stacked-on-mobile has-nv-light-bg-background-color has-background\" style=\"grid-template-columns:19% auto\"><figure class=\"wp-block-media-text__media\"><img data-recalc-dims=\"1\" loading=\"lazy\" decoding=\"async\" width=\"555\" height=\"710\" src=\"https:\/\/i0.wp.com\/gechter.org\/blog\/wp-content\/uploads\/2023\/01\/marmite-et-micro-ondes-1.png?resize=555%2C710&#038;ssl=1\" alt=\"\" class=\"wp-image-368 size-full\" srcset=\"https:\/\/i0.wp.com\/gechter.org\/blog\/wp-content\/uploads\/2023\/01\/marmite-et-micro-ondes-1.png?w=555&amp;ssl=1 555w, https:\/\/i0.wp.com\/gechter.org\/blog\/wp-content\/uploads\/2023\/01\/marmite-et-micro-ondes-1.png?resize=235%2C300&amp;ssl=1 235w\" sizes=\"auto, (max-width: 555px) 100vw, 555px\" \/><\/figure><div class=\"wp-block-media-text__content\">\n<p>Pas un roman, mais une anthologie, dirig\u00e9e par Vincent Corlaix et moi-m\u00eame, enti\u00e8rement consacr\u00e9e \u00e0 la bouffe dans l&rsquo;imaginaire. De la SF, de la fantasy, du fantastique, de l&rsquo;horreur, de l&rsquo;humour, de l&rsquo;amour, mais surtout\u2026 DE LA BOUFFE !<\/p>\n\n\n\n<p>Epuis\u00e9 en quelques semaines, on \u00e9tudie la possibilit\u00e9 de relancer un tirage limit\u00e9.<\/p>\n<\/div><\/div>\n\n\n\n<hr class=\"wp-block-separator has-alpha-channel-opacity\"\/>\n","protected":false},"excerpt":{"rendered":"<p>Romans REQUIEM EN CATASTROPHE MAJEURE (2022) Dans ce deuxi\u00e8me volume de ses aventures, Evariste Cosson, le consultant en exorcisme industrielle, va devoir d\u00e9m\u00ealer les myst\u00e8res autour de la mort de Jimi Hendrix, voler un ordinateur des ann\u00e9es 90 dans les sous sols de la fac de Jussieu et d\u00e9barrasser l&rsquo;Op\u00e9ra Bastille d&rsquo;un encombrant fant\u00f4me de&hellip;&nbsp;<a href=\"https:\/\/gechter.org\/blog\/?page_id=290\" class=\"\" rel=\"bookmark\">Lire la suite &raquo;<span class=\"screen-reader-text\">Publications<\/span><\/a><\/p>\n","protected":false},"author":1,"featured_media":452,"parent":0,"menu_order":0,"comment_status":"closed","ping_status":"closed","template":"","meta":{"neve_meta_sidebar":"","neve_meta_container":"","neve_meta_enable_content_width":"","neve_meta_content_width":0,"neve_meta_title_alignment":"","neve_meta_author_avatar":"","neve_post_elements_order":"","neve_meta_disable_header":"","neve_meta_disable_footer":"","neve_meta_disable_title":"","jetpack_post_was_ever_published":false,"footnotes":""},"class_list":["post-290","page","type-page","status-publish","has-post-thumbnail","hentry"],"jetpack_sharing_enabled":true,"_links":{"self":[{"href":"https:\/\/gechter.org\/blog\/index.php?rest_route=\/wp\/v2\/pages\/290","targetHints":{"allow":["GET"]}}],"collection":[{"href":"https:\/\/gechter.org\/blog\/index.php?rest_route=\/wp\/v2\/pages"}],"about":[{"href":"https:\/\/gechter.org\/blog\/index.php?rest_route=\/wp\/v2\/types\/page"}],"author":[{"embeddable":true,"href":"https:\/\/gechter.org\/blog\/index.php?rest_route=\/wp\/v2\/users\/1"}],"replies":[{"embeddable":true,"href":"https:\/\/gechter.org\/blog\/index.php?rest_route=%2Fwp%2Fv2%2Fcomments&post=290"}],"version-history":[{"count":23,"href":"https:\/\/gechter.org\/blog\/index.php?rest_route=\/wp\/v2\/pages\/290\/revisions"}],"predecessor-version":[{"id":787,"href":"https:\/\/gechter.org\/blog\/index.php?rest_route=\/wp\/v2\/pages\/290\/revisions\/787"}],"wp:featuredmedia":[{"embeddable":true,"href":"https:\/\/gechter.org\/blog\/index.php?rest_route=\/wp\/v2\/media\/452"}],"wp:attachment":[{"href":"https:\/\/gechter.org\/blog\/index.php?rest_route=%2Fwp%2Fv2%2Fmedia&parent=290"}],"curies":[{"name":"wp","href":"https:\/\/api.w.org\/{rel}","templated":true}]}}